{"id":1415,"date":"2022-03-19T21:28:58","date_gmt":"2022-03-19T21:28:58","guid":{"rendered":"http:\/\/activa-informatique.fr\/~bg2v\/?post_type=portfolio&#038;p=1415"},"modified":"2022-05-10T22:00:00","modified_gmt":"2022-05-10T22:00:00","slug":"guillaume-de-saint-sernin","status":"publish","type":"portfolio","link":"https:\/\/activa-informatique.fr\/~bg2v\/portfolio-item\/guillaume-de-saint-sernin\/","title":{"rendered":"Guillaume de Saint Sernin"},"content":{"rendered":"<div id='av-layout-grid-1'  class='av-layout-grid-container av-hkiy6f-f9c000af60a63f52cb46f69ea9321520 entry-content-wrapper main_color av-flex-cells  avia-builder-el-0  avia-builder-el-no-sibling  av-cell-min-height av-cell-min-height-100  container_wrap fullsize'   data-av_minimum_height_pc='100'>\n\n<style type=\"text\/css\" data-created_by=\"avia_inline_auto\" id=\"style-css-av-l0yd1kf8-c30e95c9d3ef0b936bfc32c00f95c7e5\">\n.flex_cell.av-l0yd1kf8-c30e95c9d3ef0b936bfc32c00f95c7e5{\nvertical-align:bottom;\nbackground:url(https:\/\/activa-informatique.fr\/~bg2v\/wp-content\/uploads\/2022\/03\/Ridet_BG2V_20211020_4773-scaled-1-1000x1500.jpg) 50% 0% no-repeat scroll ;\n}\n<\/style>\n<div class='flex_cell av_one_half av-l0yd1kf8-c30e95c9d3ef0b936bfc32c00f95c7e5 no_margin  avia-builder-el-1  el_before_av_cell_one_half  avia-builder-el-first  avia-full-stretch' ><div class='flex_cell_inner'>\n<style type=\"text\/css\" data-created_by=\"avia_inline_auto\" id=\"style-css-av-g2fi5j-55cff4d42c6718d244bc41a57eb06d06\">\n.flex_column.av-g2fi5j-55cff4d42c6718d244bc41a57eb06d06{\npadding:24px 24px 24px 24px;\nbackground-color:#ffffff;\n}\n<\/style>\n<div class='flex_column av-g2fi5j-55cff4d42c6718d244bc41a57eb06d06 av_one_full  avia-builder-el-2  avia-builder-el-no-sibling  w50 first flex_column_div '   id=\"contact-box\"  ><p><section  class='av_textblock_section av-l0yd1zj2-d3613ccce5fee56e72ec4f81557f8844'  itemscope=\"itemscope\" itemtype=\"https:\/\/schema.org\/CreativeWork\" ><div class='avia_textblock'  itemprop=\"text\" ><p>saintsernin@bg2v.com<\/p>\n<p>+33\u00a01 48 88 60 56<\/p>\n<\/div><\/section><br \/>\n<div  class='avia-button-wrap avia-button-left  avia-builder-el-4  el_after_av_textblock  avia-builder-el-last ' ><a href='https:\/\/bg2v.com\/wp-content\/uploads\/guillaume-de-saint-sernin.vcf'  class='avia-button av-l0yd2bbd-ca304a7234800f53eca3b6ae5f7c9834 avia-icon_select-yes-right-icon avia-size-large avia-position-left avia-color-theme-color' ><span class='avia_iconbox_title' >Vcard <\/span><span class='avia_button_icon avia_button_icon_right' aria-hidden='true' data-av_icon='\ue840' data-av_iconfont='entypo-fontello'><\/span><\/a><\/div><\/p><\/div>\n<\/div><\/div>\n<style type=\"text\/css\" data-created_by=\"avia_inline_auto\" id=\"style-css-av-efdqdj-c73232961168d7a3cc7891f2907cfcb5\">\n.flex_cell.av-efdqdj-c73232961168d7a3cc7891f2907cfcb5{\nvertical-align:top;\npadding:90px 90px 90px 90px;\nbackground-color:#3d3843;\n}\n<\/style>\n<div class='flex_cell av_one_half av-efdqdj-c73232961168d7a3cc7891f2907cfcb5 no_margin  avia-builder-el-5  el_after_av_cell_one_half  avia-builder-el-last ' ><div class='flex_cell_inner'><p>\n<style type=\"text\/css\" data-created_by=\"avia_inline_auto\" id=\"style-css-av-l0yd06uo-00b89f1ea38fc2654339c8bed7c00182\">\n#top .av-special-heading.av-l0yd06uo-00b89f1ea38fc2654339c8bed7c00182{\npadding-bottom:10px;\ncolor:#ffffff;\nfont-size:46px;\n}\nbody .av-special-heading.av-l0yd06uo-00b89f1ea38fc2654339c8bed7c00182 .av-special-heading-tag .heading-char{\nfont-size:25px;\n}\n#top #wrap_all .av-special-heading.av-l0yd06uo-00b89f1ea38fc2654339c8bed7c00182 .av-special-heading-tag{\nfont-size:46px;\n}\n.av-special-heading.av-l0yd06uo-00b89f1ea38fc2654339c8bed7c00182 .special-heading-inner-border{\nborder-color:#ffffff;\n}\n.av-special-heading.av-l0yd06uo-00b89f1ea38fc2654339c8bed7c00182 .av-subheading{\nfont-size:15px;\n}\n<\/style>\n<div  class='av-special-heading av-l0yd06uo-00b89f1ea38fc2654339c8bed7c00182 av-special-heading-h1 custom-color-heading blockquote modern-quote  avia-builder-el-6  el_before_av_textblock  avia-builder-el-first  av-inherit-size'><h1 class='av-special-heading-tag'  itemprop=\"headline\"  >Guillaume de Saint Sernin<\/h1><div class=\"special-heading-border\"><div class=\"special-heading-inner-border\"><\/div><\/div><\/div><br \/>\n\n<style type=\"text\/css\" data-created_by=\"avia_inline_auto\" id=\"style-css-av-l0yd2gsk-ada987023de951ce4e0eef80432273bb\">\n#top .av_textblock_section.av-l0yd2gsk-ada987023de951ce4e0eef80432273bb .avia_textblock{\ncolor:#ffffff;\n}\n<\/style>\n<section  class='av_textblock_section av-l0yd2gsk-ada987023de951ce4e0eef80432273bb'  itemscope=\"itemscope\" itemtype=\"https:\/\/schema.org\/CreativeWork\" ><div class='avia_textblock av_inherit_color'  itemprop=\"text\" ><p>Associ\u00e9 de BG2V depuis 2011,<br \/>\nAvocat au Barreau de Paris depuis 2004.<\/p>\n<\/div><\/section><br \/>\n\n<style type=\"text\/css\" data-created_by=\"avia_inline_auto\" id=\"style-css-av-ccfh13-54cfa2113226e999ec146334975cc03a\">\n#top .av-special-heading.av-ccfh13-54cfa2113226e999ec146334975cc03a{\npadding-bottom:10px;\ncolor:#ffffff;\n}\nbody .av-special-heading.av-ccfh13-54cfa2113226e999ec146334975cc03a .av-special-heading-tag .heading-char{\nfont-size:25px;\n}\n.av-special-heading.av-ccfh13-54cfa2113226e999ec146334975cc03a .special-heading-inner-border{\nborder-color:#ffffff;\n}\n.av-special-heading.av-ccfh13-54cfa2113226e999ec146334975cc03a .av-subheading{\nfont-size:15px;\n}\n<\/style>\n<div  class='av-special-heading av-ccfh13-54cfa2113226e999ec146334975cc03a av-special-heading-h2 custom-color-heading blockquote modern-quote  avia-builder-el-8  el_after_av_textblock  el_before_av_textblock '><h2 class='av-special-heading-tag'  itemprop=\"headline\"  >Comp\u00e9tences<\/h2><div class=\"special-heading-border\"><div class=\"special-heading-inner-border\"><\/div><\/div><\/div><br \/>\n\n<style type=\"text\/css\" data-created_by=\"avia_inline_auto\" id=\"style-css-av-l0yd2lio-ce4f7d18d5da8540a890c58c241bfd9e\">\n#top .av_textblock_section.av-l0yd2lio-ce4f7d18d5da8540a890c58c241bfd9e .avia_textblock{\ncolor:#ffffff;\n}\n<\/style>\n<section  class='av_textblock_section av-l0yd2lio-ce4f7d18d5da8540a890c58c241bfd9e'  itemscope=\"itemscope\" itemtype=\"https:\/\/schema.org\/CreativeWork\" ><div class='avia_textblock av_inherit_color'  itemprop=\"text\" ><p>Droit social<\/p>\n<\/div><\/section><br \/>\n\n<style type=\"text\/css\" data-created_by=\"avia_inline_auto\" id=\"style-css-av-anxm93-e5d02cf2801cb4f8c7aa1da3759f36ef\">\n#top .av-special-heading.av-anxm93-e5d02cf2801cb4f8c7aa1da3759f36ef{\npadding-bottom:10px;\ncolor:#ffffff;\n}\nbody .av-special-heading.av-anxm93-e5d02cf2801cb4f8c7aa1da3759f36ef .av-special-heading-tag .heading-char{\nfont-size:25px;\n}\n.av-special-heading.av-anxm93-e5d02cf2801cb4f8c7aa1da3759f36ef .special-heading-inner-border{\nborder-color:#ffffff;\n}\n.av-special-heading.av-anxm93-e5d02cf2801cb4f8c7aa1da3759f36ef .av-subheading{\nfont-size:15px;\n}\n<\/style>\n<div  class='av-special-heading av-anxm93-e5d02cf2801cb4f8c7aa1da3759f36ef av-special-heading-h2 custom-color-heading blockquote modern-quote  avia-builder-el-10  el_after_av_textblock  el_before_av_textblock '><h2 class='av-special-heading-tag'  itemprop=\"headline\"  >Parcours<\/h2><div class=\"special-heading-border\"><div class=\"special-heading-inner-border\"><\/div><\/div><\/div><br \/>\n\n<style type=\"text\/css\" data-created_by=\"avia_inline_auto\" id=\"style-css-av-l0yd2q90-cb6d7c69c1cb80fc6cdbd87c6662060e\">\n#top .av_textblock_section.av-l0yd2q90-cb6d7c69c1cb80fc6cdbd87c6662060e .avia_textblock{\ncolor:#ffffff;\n}\n<\/style>\n<section  class='av_textblock_section av-l0yd2q90-cb6d7c69c1cb80fc6cdbd87c6662060e'  itemscope=\"itemscope\" itemtype=\"https:\/\/schema.org\/CreativeWork\" ><div class='avia_textblock av_inherit_color'  itemprop=\"text\" ><p>BG2V,<br \/>\nLatham &#038; Watkins,<br \/>\nFranklin.<\/p>\n<\/div><\/section><br \/>\n\n<style type=\"text\/css\" data-created_by=\"avia_inline_auto\" id=\"style-css-av-8id1uf-b6c7190cc0d9c7eb27f13ca1241bdc8d\">\n#top .av-special-heading.av-8id1uf-b6c7190cc0d9c7eb27f13ca1241bdc8d{\npadding-bottom:10px;\ncolor:#ffffff;\n}\nbody .av-special-heading.av-8id1uf-b6c7190cc0d9c7eb27f13ca1241bdc8d .av-special-heading-tag .heading-char{\nfont-size:25px;\n}\n.av-special-heading.av-8id1uf-b6c7190cc0d9c7eb27f13ca1241bdc8d .special-heading-inner-border{\nborder-color:#ffffff;\n}\n.av-special-heading.av-8id1uf-b6c7190cc0d9c7eb27f13ca1241bdc8d .av-subheading{\nfont-size:15px;\n}\n<\/style>\n<div  class='av-special-heading av-8id1uf-b6c7190cc0d9c7eb27f13ca1241bdc8d av-special-heading-h2 custom-color-heading blockquote modern-quote  avia-builder-el-12  el_after_av_textblock  el_before_av_textblock '><h2 class='av-special-heading-tag'  itemprop=\"headline\"  >Formation<\/h2><div class=\"special-heading-border\"><div class=\"special-heading-inner-border\"><\/div><\/div><\/div><br \/>\n\n<style type=\"text\/css\" data-created_by=\"avia_inline_auto\" id=\"style-css-av-l0yd2xxr-f1934f839f99e0ab094557a9f9991e38\">\n#top .av_textblock_section.av-l0yd2xxr-f1934f839f99e0ab094557a9f9991e38 .avia_textblock{\ncolor:#ffffff;\n}\n<\/style>\n<section  class='av_textblock_section av-l0yd2xxr-f1934f839f99e0ab094557a9f9991e38'  itemscope=\"itemscope\" itemtype=\"https:\/\/schema.org\/CreativeWork\" ><div class='avia_textblock av_inherit_color'  itemprop=\"text\" ><p>Magist\u00e8re de Droit social,\u00a0Universit\u00e9 de Paris X Nanterre,<br \/>\nDEA de Droit social,\u00a0Universit\u00e9 de Paris X Nanterre.<\/p>\n<\/div><\/section><br \/>\n\n<style type=\"text\/css\" data-created_by=\"avia_inline_auto\" id=\"style-css-av-7huyqv-116663fe68e891075126ca96e54dd6bd\">\n#top .av-special-heading.av-7huyqv-116663fe68e891075126ca96e54dd6bd{\npadding-bottom:10px;\ncolor:#ffffff;\n}\nbody .av-special-heading.av-7huyqv-116663fe68e891075126ca96e54dd6bd .av-special-heading-tag .heading-char{\nfont-size:25px;\n}\n.av-special-heading.av-7huyqv-116663fe68e891075126ca96e54dd6bd .special-heading-inner-border{\nborder-color:#ffffff;\n}\n.av-special-heading.av-7huyqv-116663fe68e891075126ca96e54dd6bd .av-subheading{\nfont-size:15px;\n}\n<\/style>\n<div  class='av-special-heading av-7huyqv-116663fe68e891075126ca96e54dd6bd av-special-heading-h2 custom-color-heading blockquote modern-quote  avia-builder-el-14  el_after_av_textblock  el_before_av_textblock '><h2 class='av-special-heading-tag'  itemprop=\"headline\"  >Langues de travail<\/h2><div class=\"special-heading-border\"><div class=\"special-heading-inner-border\"><\/div><\/div><\/div><br \/>\n\n<style type=\"text\/css\" data-created_by=\"avia_inline_auto\" id=\"style-css-av-5t5tmf-80306c8496e8b51dccea310b64682aa9\">\n#top .av_textblock_section.av-5t5tmf-80306c8496e8b51dccea310b64682aa9 .avia_textblock{\ncolor:#ffffff;\n}\n<\/style>\n<section  class='av_textblock_section av-5t5tmf-80306c8496e8b51dccea310b64682aa9'  itemscope=\"itemscope\" itemtype=\"https:\/\/schema.org\/CreativeWork\" ><div class='avia_textblock av_inherit_color'  itemprop=\"text\" ><p>Fran\u00e7ais, anglais.<\/p>\n<\/div><\/section><br \/>\n\n<style type=\"text\/css\" data-created_by=\"avia_inline_auto\" id=\"style-css-av-l0yd34wu-a4f3231c2557bc7206cde4aaae85c18b\">\n#top .av-special-heading.av-l0yd34wu-a4f3231c2557bc7206cde4aaae85c18b{\npadding-bottom:10px;\ncolor:#ffffff;\n}\nbody .av-special-heading.av-l0yd34wu-a4f3231c2557bc7206cde4aaae85c18b .av-special-heading-tag .heading-char{\nfont-size:25px;\n}\n.av-special-heading.av-l0yd34wu-a4f3231c2557bc7206cde4aaae85c18b .special-heading-inner-border{\nborder-color:#ffffff;\n}\n.av-special-heading.av-l0yd34wu-a4f3231c2557bc7206cde4aaae85c18b .av-subheading{\nfont-size:15px;\n}\n<\/style>\n<div  class='av-special-heading av-l0yd34wu-a4f3231c2557bc7206cde4aaae85c18b av-special-heading-h2 custom-color-heading blockquote modern-quote  avia-builder-el-16  el_after_av_textblock  el_before_av_textblock '><h2 class='av-special-heading-tag'  itemprop=\"headline\"  >Domaines d\u2019intervention<\/h2><div class=\"special-heading-border\"><div class=\"special-heading-inner-border\"><\/div><\/div><\/div><br \/>\n\n<style type=\"text\/css\" data-created_by=\"avia_inline_auto\" id=\"style-css-av-l0yd3a2s-31554f7736afda42f75eccab940899d9\">\n#top .av_textblock_section.av-l0yd3a2s-31554f7736afda42f75eccab940899d9 .avia_textblock{\ncolor:#ffffff;\n}\n<\/style>\n<section  class='av_textblock_section av-l0yd3a2s-31554f7736afda42f75eccab940899d9'  itemscope=\"itemscope\" itemtype=\"https:\/\/schema.org\/CreativeWork\" ><div class='avia_textblock av_inherit_color'  itemprop=\"text\" ><p>Guillaume consacre son activit\u00e9 exclusivement au droit social (droit du travail et droit de la s\u00e9curit\u00e9 sociale) tant en conseil qu\u2019en contentieux. Dans ce cadre, il conseille les clients du cabinet pour ce qui concerne les relations individuelles et collectives de travail et les repr\u00e9sente devant l\u2019ensemble des juridictions.<\/p>\n<p>Il assiste \u00e9galement les clients dans leurs op\u00e9rations de M&#038;A pour les probl\u00e9matiques relevant du droit social (audit, information et consultation des repr\u00e9sentants du personnel, harmonisation des statuts collectifs\u2026).<\/p>\n<p>Guillaume est membre de l\u2019European Employment Lawyers Association.<\/p>\n<\/div><\/section><br \/>\n\n<style type=\"text\/css\" data-created_by=\"avia_inline_auto\" id=\"style-css-av-4v5r9j-692ca432d2392f0e048b26bd9c755e55\">\n#top .av-special-heading.av-4v5r9j-692ca432d2392f0e048b26bd9c755e55{\npadding-bottom:10px;\ncolor:#ffffff;\n}\nbody .av-special-heading.av-4v5r9j-692ca432d2392f0e048b26bd9c755e55 .av-special-heading-tag .heading-char{\nfont-size:25px;\n}\n.av-special-heading.av-4v5r9j-692ca432d2392f0e048b26bd9c755e55 .special-heading-inner-border{\nborder-color:#ffffff;\n}\n.av-special-heading.av-4v5r9j-692ca432d2392f0e048b26bd9c755e55 .av-subheading{\nfont-size:15px;\n}\n<\/style>\n<div  class='av-special-heading av-4v5r9j-692ca432d2392f0e048b26bd9c755e55 av-special-heading-h2 custom-color-heading blockquote modern-quote  avia-builder-el-18  el_after_av_textblock  el_before_av_textblock '><h2 class='av-special-heading-tag'  itemprop=\"headline\"  >Il est notamment intervenu pour<\/h2><div class=\"special-heading-border\"><div class=\"special-heading-inner-border\"><\/div><\/div><\/div><br \/>\n\n<style type=\"text\/css\" data-created_by=\"avia_inline_auto\" id=\"style-css-av-l0yd3kfs-7a1137837af9b71e8dc5bb881eeb4b78\">\n#top .av_textblock_section.av-l0yd3kfs-7a1137837af9b71e8dc5bb881eeb4b78 .avia_textblock{\ncolor:#ffffff;\n}\n<\/style>\n<section  class='av_textblock_section av-l0yd3kfs-7a1137837af9b71e8dc5bb881eeb4b78'  itemscope=\"itemscope\" itemtype=\"https:\/\/schema.org\/CreativeWork\" ><div class='avia_textblock av_inherit_color'  itemprop=\"text\" ><p>\u2013 Assistance d\u2019un groupe de soci\u00e9t\u00e9s dans la modification de l\u2019ensemble des m\u00e9canismes d\u2019\u00e9pargne salariale,<\/p>\n<p>\u2013 Assistance de plusieurs clients dans un projet de r\u00e9organisation et d\u2019externalisation,<\/p>\n<p>\u2013 Assistance de diff\u00e9rents clients dans l\u2019optimisation des dispositifs d\u2019am\u00e9nagement du temps de travail,<\/p>\n<p>\u2013 Assistance d\u2019un client dans le cadre d\u2019un conflit syndical.<\/p>\n<\/div><\/section><br \/>\n\n<style type=\"text\/css\" data-created_by=\"avia_inline_auto\" id=\"style-css-av-2g21gn-2d69e493de9363847306227693646280\">\n#top .av-special-heading.av-2g21gn-2d69e493de9363847306227693646280{\npadding-bottom:10px;\ncolor:#ffffff;\n}\nbody .av-special-heading.av-2g21gn-2d69e493de9363847306227693646280 .av-special-heading-tag .heading-char{\nfont-size:25px;\n}\n.av-special-heading.av-2g21gn-2d69e493de9363847306227693646280 .special-heading-inner-border{\nborder-color:#ffffff;\n}\n.av-special-heading.av-2g21gn-2d69e493de9363847306227693646280 .av-subheading{\nfont-size:15px;\n}\n<\/style>\n<div  class='av-special-heading av-2g21gn-2d69e493de9363847306227693646280 av-special-heading-h2 custom-color-heading blockquote modern-quote  avia-builder-el-20  el_after_av_textblock  el_before_av_textblock '><h2 class='av-special-heading-tag'  itemprop=\"headline\"  >Actualit\u00e9s<\/h2><div class=\"special-heading-border\"><div class=\"special-heading-inner-border\"><\/div><\/div><\/div><br \/>\n\n<style type=\"text\/css\" data-created_by=\"avia_inline_auto\" id=\"style-css-av-l0yd3vi4-b334fdca88cdf3c1c06407eb7da68909\">\n#top .av_textblock_section.av-l0yd3vi4-b334fdca88cdf3c1c06407eb7da68909 .avia_textblock{\ncolor:#ffffff;\n}\n<\/style>\n<section  class='av_textblock_section av-l0yd3vi4-b334fdca88cdf3c1c06407eb7da68909'  itemscope=\"itemscope\" itemtype=\"https:\/\/schema.org\/CreativeWork\" ><div class='avia_textblock av_inherit_color'  itemprop=\"text\" ><p>\u2013\u00a0<a href=\"https:\/\/lnkd.in\/gAnzvkv\" target=\"_blank\" rel=\"noopener\"><em>Bar\u00e8me Macron : une d\u00e9cision europ\u00e9enne qui pourrait fragiliser les entreprises,<\/em><\/a>\u00a0article cor\u00e9dig\u00e9 par Marie Content et Guillaume de Saint Sernin, Option Finance, juillet 2021,<\/p>\n<p>\u2013\u00a0<em><a href=\"https:\/\/bg2v.com\/wp-content\/uploads\/Revue-PERSONNEL-de-lANDRH-juillet-aout-2021.jpg\" target=\"_blank\" rel=\"noopener\">Requalification d\u2019un contrat de prestation en contrat de travail : tout ce qu\u2019il faut savoir<\/a><\/em>, Interview de Marie Content et de Guillaume de Saint Sernin, Revue Personnel ANDRH, juillet 2021,<\/p>\n<p>\u2013\u00a0<a href=\"https:\/\/lnkd.in\/djKCB32\" target=\"_blank\" rel=\"noopener\"><em>Les risques de redressement URSSAF en cas de voyages et de s\u00e9minaires d\u2019entreprise. Quelques \u00e9volutions jurisprudentielles \u00e0 surveiller et confirmer,<\/em><\/a>\u00a0Interview pour B SMART TV, juin 2021,<\/p>\n<p>\u2013\u00a0<a href=\"https:\/\/bg2v.com\/wp-content\/uploads\/2021\/05\/SMART_JOB_Smart_Rglo_du_lundi_17_mai_20211.mp4\" target=\"_blank\" rel=\"noopener\"><em>Le bar\u00e8me Macron<\/em><\/a>,\u00a0<a href=\"https:\/\/www.linkedin.com\/in\/guillaume-de-saint-sernin-19836923\/\" target=\"_blank\" rel=\"noopener\"><em>Guillaume de Saint Sernin<\/em><\/a>, Interview pour B Smart TV, mai 2021,<\/p>\n<p>\u2013\u00a0<a href=\"https:\/\/www.bsmart.fr\/video\/4460-smart-job-partie-11-mars-2021\" target=\"_blank\" rel=\"noopener\"><em>La vaccination en entreprise contre la Covid 19<\/em><\/a>, Interview pour B Smart TV, mars 2021,<\/p>\n<p>\u2013\u00a0<em>APC, APLD, PSE ou RCC : pistes d\u2019orientation bas\u00e9es sur un retour d\u2019exp\u00e9rience<\/em>, article \u00e9crit par Guillaume de Saint Sernin, Navis Social \u2013 Ed. Francis Lefebvre, mars 2021,<\/p>\n<p>\u2013\u00a0<a href=\"https:\/\/lnkd.in\/gCCNKGa\" target=\"_blank\" rel=\"noopener\"><em>L\u2019activit\u00e9 partielle et ses enjeux pour les entreprises et les salari\u00e9s, sujet particuli\u00e8rement d\u2019actualit\u00e9 en cette p\u00e9riode de crise sanitaire<\/em><\/a>, Guillaume de Saint Sernin, Interview pour B Smart TV, f\u00e9vrier 2021,<\/p>\n<p>\u2013\u00a0<a href=\"https:\/\/www.bsmart.fr\/video\/2697-smart-job-emission-11-janvier-2021\" target=\"_blank\" rel=\"noopener\"><em>L\u2019entretien professionnel et ses implications autant pour les entreprises que les salari\u00e9s notamment en p\u00e9riode de Covid 19<\/em><\/a>, Interview pour B Smart TV, janvier 2021,<\/p>\n<p>\u2013\u00a0<em>Faire face \u00e0 la crise sanitaire : obligation et leviers en droit du travail,<\/em>\u00a0webinar anim\u00e9 par Marie Content et Guillaume de Saint Sernin, novembre 2020.<\/p>\n<\/div><\/section><\/p>\n<\/div><\/div><\/div>\n","protected":false},"excerpt":{"rendered":"","protected":false},"featured_media":1416,"comment_status":"open","ping_status":"closed","template":"","tags":[],"portfolio_entries":[41,49,61],"class_list":["post-1415","portfolio","type-portfolio","status-publish","has-post-thumbnail","hentry","portfolio_entries-associes","portfolio_entries-team-conformite","portfolio_entries-team-social"],"_links":{"self":[{"href":"https:\/\/activa-informatique.fr\/~bg2v\/wp-json\/wp\/v2\/portfolio\/1415","targetHints":{"allow":["GET"]}}],"collection":[{"href":"https:\/\/activa-informatique.fr\/~bg2v\/wp-json\/wp\/v2\/portfolio"}],"about":[{"href":"https:\/\/activa-informatique.fr\/~bg2v\/wp-json\/wp\/v2\/types\/portfolio"}],"replies":[{"embeddable":true,"href":"https:\/\/activa-informatique.fr\/~bg2v\/wp-json\/wp\/v2\/comments?post=1415"}],"version-history":[{"count":3,"href":"https:\/\/activa-informatique.fr\/~bg2v\/wp-json\/wp\/v2\/portfolio\/1415\/revisions"}],"predecessor-version":[{"id":2185,"href":"https:\/\/activa-informatique.fr\/~bg2v\/wp-json\/wp\/v2\/portfolio\/1415\/revisions\/2185"}],"wp:featuredmedia":[{"embeddable":true,"href":"https:\/\/activa-informatique.fr\/~bg2v\/wp-json\/wp\/v2\/media\/1416"}],"wp:attachment":[{"href":"https:\/\/activa-informatique.fr\/~bg2v\/wp-json\/wp\/v2\/media?parent=1415"}],"wp:term":[{"taxonomy":"post_tag","embeddable":true,"href":"https:\/\/activa-informatique.fr\/~bg2v\/wp-json\/wp\/v2\/tags?post=1415"},{"taxonomy":"portfolio_entries","embeddable":true,"href":"https:\/\/activa-informatique.fr\/~bg2v\/wp-json\/wp\/v2\/portfolio_entries?post=1415"}],"curies":[{"name":"wp","href":"https:\/\/api.w.org\/{rel}","templated":true}]}}